{"id":926,"date":"2025-03-18T12:48:13","date_gmt":"2025-03-18T10:48:13","guid":{"rendered":"https:\/\/unionprofesionaldegalicia.org\/?post_type=ajde_events&#038;p=926"},"modified":"2025-03-18T12:48:14","modified_gmt":"2025-03-18T10:48:14","slug":"estetica-imaginativa-y-avanzada","status":"publish","type":"ajde_events","link":"https:\/\/unionprofesionaldegalicia.org\/gl\/events\/estetica-imaginativa-y-avanzada\/","title":{"rendered":"EST\u00c9TICA IMAGINATIVA Y AVANZADA"},"content":{"rendered":"<h2 class=\"wp-block-heading\"><strong>Objetivos generales del curso del dr. Manuel Cueto<\/strong><\/h2>\n\n\n\n<p>Vivimos en una sociedad hedonista en la que el gusto por encontrarse bien, saludable y guapo es imperante. La Odontolog\u00eda Est\u00e9tica participa y se toma como l\u00edder en este ambiente social. Los pacientes requieren tratamientos cada vez m\u00e1s conservadores y est\u00e9ticos. No s\u00f3lo la salud importa, las personas quieren tener sus dientes que sean el reflejo de su bienestar. Conocer un tratamiento m\u00ednimamente agresivo, basado en el uso de los nuevos materiales y lograr las demandas de la sociedad.<\/p>\n\n\n\n<h2 class=\"wp-block-heading\"><strong>Objetivos espec\u00edficos<\/strong><\/h2>\n\n\n\n<p>El alumno conocer\u00e1: Los nuevos composites. Los materiales de polietileno. Los l\u00edmites de las resinas compuestas. Las demandas est\u00e9ticas de la sociedad. Los tratamientos interceptivos de los desgastes. Los l\u00edmites de los materiales de restauraci\u00f3n est\u00e9tica. Las bases del \u00e9xito en el tratamiento de las clase IV. El sistema Uveneer\u00ae y sus bondades. C\u00f3mo realizar el descruzamiento de incisivos con composite. El alumno podr\u00e1 valorar: Rehabilitaciones realizadas con composite. Restauraciones m\u00ednimamente invasivas con cer\u00e1mica.<\/p>","protected":false},"author":2,"featured_media":0,"menu_order":0,"comment_status":"closed","ping_status":"closed","template":"","meta":{"_et_pb_use_builder":"","_et_pb_old_content":"","_et_gb_content_width":""},"tags":[],"event_type":[],"event_type_2":[],"class_list":["post-926","ajde_events","type-ajde_events","status-publish","hentry","event_organizer-colegio-odontologos-de-a-coruna"],"yoast_head":"<!-- This site is optimized with the Yoast SEO plugin v27.5 - https:\/\/yoast.com\/product\/yoast-seo-wordpress\/ -->\n<title>EST\u00c9TICA IMAGINATIVA Y AVANZADA - Uni\u00f3n Profesional de Galicia<\/title>\n<meta name=\"robots\" content=\"index, follow, max-snippet:-1, max-image-preview:large, max-video-preview:-1\" \/>\n<link rel=\"canonical\" href=\"https:\/\/unionprofesionaldegalicia.org\/gl\/events\/estetica-imaginativa-y-avanzada\/\" \/>\n<meta property=\"og:locale\" content=\"gl_ES\" \/>\n<meta property=\"og:type\" content=\"article\" \/>\n<meta property=\"og:title\" content=\"EST\u00c9TICA IMAGINATIVA Y AVANZADA - Uni\u00f3n Profesional de Galicia\" \/>\n<meta property=\"og:description\" content=\"Objetivos generales del curso del dr. Manuel Cueto Vivimos en una sociedad hedonista en la que el gusto por encontrarse bien, saludable y guapo es imperante. La Odontolog\u00eda Est\u00e9tica participa y se toma como l\u00edder en este ambiente social. Los pacientes requieren tratamientos cada vez m\u00e1s conservadores y est\u00e9ticos. No s\u00f3lo la salud importa, las [&hellip;]\" \/>\n<meta property=\"og:url\" content=\"https:\/\/unionprofesionaldegalicia.org\/gl\/events\/estetica-imaginativa-y-avanzada\/\" \/>\n<meta property=\"og:site_name\" content=\"Uni\u00f3n Profesional de Galicia\" \/>\n<meta property=\"article:modified_time\" content=\"2025-03-18T10:48:14+00:00\" \/>\n<meta name=\"twitter:card\" content=\"summary_large_image\" \/>\n<meta name=\"twitter:label1\" content=\"Tempo de lectura\" \/>\n\t<meta name=\"twitter:data1\" content=\"1 minuto\" \/>\n<script type=\"application\/ld+json\" class=\"yoast-schema-graph\">{\"@context\":\"https:\\\/\\\/schema.org\",\"@graph\":[{\"@type\":\"WebPage\",\"@id\":\"https:\\\/\\\/unionprofesionaldegalicia.org\\\/events\\\/estetica-imaginativa-y-avanzada\\\/\",\"url\":\"https:\\\/\\\/unionprofesionaldegalicia.org\\\/events\\\/estetica-imaginativa-y-avanzada\\\/\",\"name\":\"EST\u00c9TICA IMAGINATIVA Y AVANZADA - Uni\u00f3n Profesional de Galicia\",\"isPartOf\":{\"@id\":\"https:\\\/\\\/unionprofesionaldegalicia.org\\\/#website\"},\"datePublished\":\"2025-03-18T10:48:13+00:00\",\"dateModified\":\"2025-03-18T10:48:14+00:00\",\"breadcrumb\":{\"@id\":\"https:\\\/\\\/unionprofesionaldegalicia.org\\\/events\\\/estetica-imaginativa-y-avanzada\\\/#breadcrumb\"},\"inLanguage\":\"gl-ES\",\"potentialAction\":[{\"@type\":\"ReadAction\",\"target\":[\"https:\\\/\\\/unionprofesionaldegalicia.org\\\/events\\\/estetica-imaginativa-y-avanzada\\\/\"]}]},{\"@type\":\"BreadcrumbList\",\"@id\":\"https:\\\/\\\/unionprofesionaldegalicia.org\\\/events\\\/estetica-imaginativa-y-avanzada\\\/#breadcrumb\",\"itemListElement\":[{\"@type\":\"ListItem\",\"position\":1,\"name\":\"Portada\",\"item\":\"https:\\\/\\\/unionprofesionaldegalicia.org\\\/\"},{\"@type\":\"ListItem\",\"position\":2,\"name\":\"Events\",\"item\":\"https:\\\/\\\/unionprofesionaldegalicia.org\\\/events\\\/\"},{\"@type\":\"ListItem\",\"position\":3,\"name\":\"EST\u00c9TICA IMAGINATIVA Y AVANZADA\"}]},{\"@type\":\"WebSite\",\"@id\":\"https:\\\/\\\/unionprofesionaldegalicia.org\\\/#website\",\"url\":\"https:\\\/\\\/unionprofesionaldegalicia.org\\\/\",\"name\":\"Uni\u00f3n Profesional de Galicia\",\"description\":\"La Uni\u00f3n Profesional de Galicia es la entidad que agrupa a 44 colegios profesionales y act\u00faa como nexo entre ellos y la Administraci\u00f3n para impulsar iniciativas que fortalecen el ejercicio profesional y mejoran la actividad judicial.\",\"publisher\":{\"@id\":\"https:\\\/\\\/unionprofesionaldegalicia.org\\\/#organization\"},\"potentialAction\":[{\"@type\":\"SearchAction\",\"target\":{\"@type\":\"EntryPoint\",\"urlTemplate\":\"https:\\\/\\\/unionprofesionaldegalicia.org\\\/?s={search_term_string}\"},\"query-input\":{\"@type\":\"PropertyValueSpecification\",\"valueRequired\":true,\"valueName\":\"search_term_string\"}}],\"inLanguage\":\"gl-ES\"},{\"@type\":\"Organization\",\"@id\":\"https:\\\/\\\/unionprofesionaldegalicia.org\\\/#organization\",\"name\":\"Uni\u00f3n Profesional de Galicia\",\"url\":\"https:\\\/\\\/unionprofesionaldegalicia.org\\\/\",\"logo\":{\"@type\":\"ImageObject\",\"inLanguage\":\"gl-ES\",\"@id\":\"https:\\\/\\\/unionprofesionaldegalicia.org\\\/#\\\/schema\\\/logo\\\/image\\\/\",\"url\":\"https:\\\/\\\/unionprofesionaldegalicia.org\\\/wp-content\\\/uploads\\\/2024\\\/12\\\/Logo-Union-Profesional.jpg\",\"contentUrl\":\"https:\\\/\\\/unionprofesionaldegalicia.org\\\/wp-content\\\/uploads\\\/2024\\\/12\\\/Logo-Union-Profesional.jpg\",\"width\":200,\"height\":71,\"caption\":\"Uni\u00f3n Profesional de Galicia\"},\"image\":{\"@id\":\"https:\\\/\\\/unionprofesionaldegalicia.org\\\/#\\\/schema\\\/logo\\\/image\\\/\"}}]}<\/script>\n<!-- \/ Yoast SEO plugin. -->","yoast_head_json":{"title":"EST\u00c9TICA IMAGINATIVA Y AVANZADA - Uni\u00f3n Profesional de Galicia","robots":{"index":"index","follow":"follow","max-snippet":"max-snippet:-1","max-image-preview":"max-image-preview:large","max-video-preview":"max-video-preview:-1"},"canonical":"https:\/\/unionprofesionaldegalicia.org\/gl\/events\/estetica-imaginativa-y-avanzada\/","og_locale":"gl_ES","og_type":"article","og_title":"EST\u00c9TICA IMAGINATIVA Y AVANZADA - Uni\u00f3n Profesional de Galicia","og_description":"Objetivos generales del curso del dr. Manuel Cueto Vivimos en una sociedad hedonista en la que el gusto por encontrarse bien, saludable y guapo es imperante. La Odontolog\u00eda Est\u00e9tica participa y se toma como l\u00edder en este ambiente social. Los pacientes requieren tratamientos cada vez m\u00e1s conservadores y est\u00e9ticos. No s\u00f3lo la salud importa, las [&hellip;]","og_url":"https:\/\/unionprofesionaldegalicia.org\/gl\/events\/estetica-imaginativa-y-avanzada\/","og_site_name":"Uni\u00f3n Profesional de Galicia","article_modified_time":"2025-03-18T10:48:14+00:00","twitter_card":"summary_large_image","twitter_misc":{"Tempo de lectura":"1 minuto"},"schema":{"@context":"https:\/\/schema.org","@graph":[{"@type":"WebPage","@id":"https:\/\/unionprofesionaldegalicia.org\/events\/estetica-imaginativa-y-avanzada\/","url":"https:\/\/unionprofesionaldegalicia.org\/events\/estetica-imaginativa-y-avanzada\/","name":"EST\u00c9TICA IMAGINATIVA Y AVANZADA - Uni\u00f3n Profesional de Galicia","isPartOf":{"@id":"https:\/\/unionprofesionaldegalicia.org\/#website"},"datePublished":"2025-03-18T10:48:13+00:00","dateModified":"2025-03-18T10:48:14+00:00","breadcrumb":{"@id":"https:\/\/unionprofesionaldegalicia.org\/events\/estetica-imaginativa-y-avanzada\/#breadcrumb"},"inLanguage":"gl-ES","potentialAction":[{"@type":"ReadAction","target":["https:\/\/unionprofesionaldegalicia.org\/events\/estetica-imaginativa-y-avanzada\/"]}]},{"@type":"BreadcrumbList","@id":"https:\/\/unionprofesionaldegalicia.org\/events\/estetica-imaginativa-y-avanzada\/#breadcrumb","itemListElement":[{"@type":"ListItem","position":1,"name":"Portada","item":"https:\/\/unionprofesionaldegalicia.org\/"},{"@type":"ListItem","position":2,"name":"Events","item":"https:\/\/unionprofesionaldegalicia.org\/events\/"},{"@type":"ListItem","position":3,"name":"EST\u00c9TICA IMAGINATIVA Y AVANZADA"}]},{"@type":"WebSite","@id":"https:\/\/unionprofesionaldegalicia.org\/#website","url":"https:\/\/unionprofesionaldegalicia.org\/","name":"Uni\u00f3n Profesional de Galicia","description":"La Uni\u00f3n Profesional de Galicia es la entidad que agrupa a 44 colegios profesionales y act\u00faa como nexo entre ellos y la Administraci\u00f3n para impulsar iniciativas que fortalecen el ejercicio profesional y mejoran la actividad judicial.","publisher":{"@id":"https:\/\/unionprofesionaldegalicia.org\/#organization"},"potentialAction":[{"@type":"SearchAction","target":{"@type":"EntryPoint","urlTemplate":"https:\/\/unionprofesionaldegalicia.org\/?s={search_term_string}"},"query-input":{"@type":"PropertyValueSpecification","valueRequired":true,"valueName":"search_term_string"}}],"inLanguage":"gl-ES"},{"@type":"Organization","@id":"https:\/\/unionprofesionaldegalicia.org\/#organization","name":"Uni\u00f3n Profesional de Galicia","url":"https:\/\/unionprofesionaldegalicia.org\/","logo":{"@type":"ImageObject","inLanguage":"gl-ES","@id":"https:\/\/unionprofesionaldegalicia.org\/#\/schema\/logo\/image\/","url":"https:\/\/unionprofesionaldegalicia.org\/wp-content\/uploads\/2024\/12\/Logo-Union-Profesional.jpg","contentUrl":"https:\/\/unionprofesionaldegalicia.org\/wp-content\/uploads\/2024\/12\/Logo-Union-Profesional.jpg","width":200,"height":71,"caption":"Uni\u00f3n Profesional de Galicia"},"image":{"@id":"https:\/\/unionprofesionaldegalicia.org\/#\/schema\/logo\/image\/"}}]}},"_links":{"self":[{"href":"https:\/\/unionprofesionaldegalicia.org\/gl\/wp-json\/wp\/v2\/ajde_events\/926","targetHints":{"allow":["GET"]}}],"collection":[{"href":"https:\/\/unionprofesionaldegalicia.org\/gl\/wp-json\/wp\/v2\/ajde_events"}],"about":[{"href":"https:\/\/unionprofesionaldegalicia.org\/gl\/wp-json\/wp\/v2\/types\/ajde_events"}],"author":[{"embeddable":true,"href":"https:\/\/unionprofesionaldegalicia.org\/gl\/wp-json\/wp\/v2\/users\/2"}],"replies":[{"embeddable":true,"href":"https:\/\/unionprofesionaldegalicia.org\/gl\/wp-json\/wp\/v2\/comments?post=926"}],"wp:attachment":[{"href":"https:\/\/unionprofesionaldegalicia.org\/gl\/wp-json\/wp\/v2\/media?parent=926"}],"wp:term":[{"taxonomy":"post_tag","embeddable":true,"href":"https:\/\/unionprofesionaldegalicia.org\/gl\/wp-json\/wp\/v2\/tags?post=926"},{"taxonomy":"event_type","embeddable":true,"href":"https:\/\/unionprofesionaldegalicia.org\/gl\/wp-json\/wp\/v2\/event_type?post=926"},{"taxonomy":"event_type_2","embeddable":true,"href":"https:\/\/unionprofesionaldegalicia.org\/gl\/wp-json\/wp\/v2\/event_type_2?post=926"}],"curies":[{"name":"wp","href":"https:\/\/api.w.org\/{rel}","templated":true}]}}